{"id":3772,"date":"2023-10-19T11:28:24","date_gmt":"2023-10-19T09:28:24","guid":{"rendered":"https:\/\/www.ile-de-la-comtesse.com\/kontakt-infos\/"},"modified":"2023-12-29T16:29:10","modified_gmt":"2023-12-29T15:29:10","slug":"kontakt-zugang","status":"publish","type":"page","link":"https:\/\/www.ile-de-la-comtesse.com\/de\/kontakt-zugang\/","title":{"rendered":"Kontakt und Zugang"},"content":{"rendered":"<section id=\"ls-section-block_9d610e1f8889ea34cd54274172f98204\" class=\"ls-section \" >\r\n        <div class=\"container container--wide\">\r\n        \n\n<h1 class=\"ls__heading wp-block-heading has-text-align-left\">Kontakt und Zugang<\/h1>\n\n\n\n<div class=\"wp-block-columns is-layout-flex wp-container-core-columns-is-layout-9d6595d7 wp-block-columns-is-layout-flex\">\n<div class=\"wp-block-column is-vertically-aligned-top p-r-6 is-layout-flow wp-block-column-is-layout-flow\">\n<h2 class=\"ls__heading wp-block-heading animated fadeInRight delay-100ms slow\">Kontaktieren Sie uns<\/h2>\n\n\n\n<p class=\"ls-paragraph\"><strong>Die Rezeption ist von 9:00 bis 12:00 Uhr und von 14:00 bis 19:00 Uhr ge\u00f6ffnet<\/strong>. Alle Informationen \u00fcber den Campingplatz, touristische und andere Informationen sind an der Rezeption erh\u00e4ltlich.<\/p>\n\n\n\n<p class=\"ls-paragraph\">Tel\/Fax: <strong>04 79 87 23 33<\/strong><\/p>\n\n\n\n<p class=\"ls-paragraph\">E-mail : <a href=\"mailto:contact@ile-de-la-comtesse.com\">contact@ile-de-la-comtesse.com<\/a><\/p>\n<\/div>\n\n\n\n<div class=\"wp-block-column is-layout-flow wp-block-column-is-layout-flow\">\n<div class=\"wpcf7 no-js\" id=\"wpcf7-f3790-o1\" lang=\"de-DE\" dir=\"ltr\">\n<div class=\"screen-reader-response\"><p role=\"status\" aria-live=\"polite\" aria-atomic=\"true\"><\/p> <ul><\/ul><\/div>\n<form action=\"\/de\/wp-json\/wp\/v2\/pages\/3772#wpcf7-f3790-o1\" method=\"post\" class=\"wpcf7-form init\" aria-label=\"Kontaktformular\" novalidate=\"novalidate\" data-status=\"init\">\n<div style=\"display: none;\">\n<input type=\"hidden\" name=\"_wpcf7\" value=\"3790\" \/>\n<input type=\"hidden\" name=\"_wpcf7_version\" value=\"5.9.8\" \/>\n<input type=\"hidden\" name=\"_wpcf7_locale\" value=\"de_DE\" \/>\n<input type=\"hidden\" name=\"_wpcf7_unit_tag\" value=\"wpcf7-f3790-o1\" \/>\n<input type=\"hidden\" name=\"_wpcf7_container_post\" value=\"0\" \/>\n<input type=\"hidden\" name=\"_wpcf7_posted_data_hash\" value=\"\" \/>\n<input type=\"hidden\" name=\"_wpcf7_recaptcha_response\" value=\"\" \/>\n<\/div>\n<p><label> Ihr Name<br \/>\n<span class=\"wpcf7-form-control-wrap\" data-name=\"your-name\"><input size=\"40\" maxlength=\"400\" class=\"wpcf7-form-control wpcf7-text wpcf7-validates-as-required\" autocomplete=\"name\" aria-required=\"true\" aria-invalid=\"false\" value=\"\" type=\"text\" name=\"your-name\" \/><\/span> <\/label>\n<\/p>\n<p><label> Ihr Vorname<br \/>\n<span class=\"wpcf7-form-control-wrap\" data-name=\"your-firstname\"><input size=\"40\" maxlength=\"400\" class=\"wpcf7-form-control wpcf7-text wpcf7-validates-as-required\" autocomplete=\"firstname\" aria-required=\"true\" aria-invalid=\"false\" value=\"\" type=\"text\" name=\"your-firstname\" \/><\/span> <\/label>\n<\/p>\n<p><label> Art der gew\u00fcnschten Unterkunft<br \/>\n<span class=\"wpcf7-form-control-wrap\" data-name=\"your-accommodation\"><select class=\"wpcf7-form-control wpcf7-select wpcf7-validates-as-required\" aria-required=\"true\" aria-invalid=\"false\" name=\"your-accommodation\"><option value=\"Vermietung\">Vermietung<\/option><option value=\"Standort\">Standort<\/option><\/select><\/span> <\/label>\n<\/p>\n<p><label> Ankunftsdatum<br \/>\n<span class=\"wpcf7-form-control-wrap\" data-name=\"your-arrival-date\"><input class=\"wpcf7-form-control wpcf7-date wpcf7-validates-as-required wpcf7-validates-as-date\" aria-required=\"true\" aria-invalid=\"false\" value=\"\" type=\"date\" name=\"your-arrival-date\" \/><\/span> <\/label>\n<\/p>\n<p><label> Abreisedatum<br \/>\n<span class=\"wpcf7-form-control-wrap\" data-name=\"your-departure-date\"><input class=\"wpcf7-form-control wpcf7-date wpcf7-validates-as-required wpcf7-validates-as-date\" aria-required=\"true\" aria-invalid=\"false\" value=\"\" type=\"date\" name=\"your-departure-date\" \/><\/span> <\/label>\n<\/p>\n<p><label> Ihre E-Mail<br \/>\n<span class=\"wpcf7-form-control-wrap\" data-name=\"your-email\"><input size=\"40\" maxlength=\"400\" class=\"wpcf7-form-control wpcf7-email wpcf7-validates-as-required wpcf7-text wpcf7-validates-as-email\" autocomplete=\"email\" aria-required=\"true\" aria-invalid=\"false\" value=\"\" type=\"email\" name=\"your-email\" \/><\/span> <\/label>\n<\/p>\n<p><label> Objekt<br \/>\n<span class=\"wpcf7-form-control-wrap\" data-name=\"your-subject\"><input size=\"40\" maxlength=\"400\" class=\"wpcf7-form-control wpcf7-text wpcf7-validates-as-required\" aria-required=\"true\" aria-invalid=\"false\" value=\"\" type=\"text\" name=\"your-subject\" \/><\/span> <\/label>\n<\/p>\n<p><label> Ihre Nachricht<br \/>\n<span class=\"wpcf7-form-control-wrap\" data-name=\"your-message\"><textarea cols=\"40\" rows=\"10\" maxlength=\"2000\" class=\"wpcf7-form-control wpcf7-textarea\" aria-invalid=\"false\" name=\"your-message\"><\/textarea><\/span> <\/label>\n<\/p>\n<p><span class=\"wpcf7-form-control-wrap\" data-name=\"acceptance-553\"><span class=\"wpcf7-form-control wpcf7-acceptance\"><span class=\"wpcf7-list-item\"><label><input type=\"checkbox\" name=\"acceptance-553\" value=\"1\" aria-invalid=\"false\" \/><span class=\"wpcf7-list-item-label\">Indem ich dieses K\u00e4stchen ankreuze, stimme ich der <a href=\"\/de\/datenschutzrichtlinie\/\" rel=\"nofollow\" target=\"_blank\">Datenschutzrichtlinie<\/a> dieser Website zu.<\/span><\/label><\/span><\/span><\/span>\n<\/p>\n<p><input class=\"wpcf7-form-control wpcf7-submit has-spinner\" type=\"submit\" value=\"Senden Sie\" \/>\n<\/p><div class=\"wpcf7-response-output\" aria-hidden=\"true\"><\/div>\n<\/form>\n<\/div>\n\n<\/div>\n<\/div>\n\n\r\n    <\/div>\r\n<\/section><section id=\"ls-section-block_17aa5952d8a9ddb573e22033f3183a63\" class=\"ls-section  home-intro page-three background-blue has-m-b m-b-2 has-p-b p-b-2\" >\r\n        <div class=\"container container--full\">\r\n        \n\n<div class=\"wp-block-columns are-vertically-aligned-center is-layout-flex wp-container-core-columns-is-layout-9d6595d7 wp-block-columns-is-layout-flex\">\n<div class=\"wp-block-column is-vertically-aligned-center left is-layout-flow wp-block-column-is-layout-flow\" style=\"flex-basis:55%\">\n<iframe src=\"https:\/\/www.google.com\/maps\/embed?pb=!1m14!1m8!1m3!1d460119.62152306986!2d4.502825337406758!3d45.74639767249911!3m2!1i1024!2i768!4f13.1!3m3!1m2!1s0x478b10c28787182b%3A0x6f546995323e6894!2sCamping%20de%20l'%C3%8Ele%20de%20la%20Comtesse!5e0!3m2!1sfr!2sfr!4v1701356545813!5m2!1sfr!2sfr\" width=\"100%\" height=\"600\" style=\"border:0;\" allowfullscreen=\"\" loading=\"lazy\" referrerpolicy=\"no-referrer-when-downgrade\"><\/iframe>\n<\/div>\n\n\n\n<div class=\"wp-block-column is-vertically-aligned-center right is-layout-flow wp-block-column-is-layout-flow\" style=\"flex-basis:45%\">\n<h2 class=\"ls__heading wp-block-heading animated fadeInRight delay-100ms slow\">Anreise zum Camping<\/h2>\n\n\n\n<p class=\"ls-paragraph\">Unser <a href=\"https:\/\/www.ile-de-la-comtesse.com\/de\/\" data-type=\"page\" data-id=\"192\">Camping Ile de la Comtesse<\/a> ist leicht zu erreichen und befindet sich in :<br\/><strong>25 chemin Ile de la Comtesse, 01300 M\u00fbrs et G\u00e9lignieux.<\/strong><\/p>\n\n\n\n<p class=\"ls-paragraph\">GPS-Koordinaten: 45.63990856535026, 5.6503084145996025<\/p>\n\n\n\n<ul class=\"ls-list wp-block-list\">\n<li><strong>Anreise mit dem Zug zum Campingplatz<\/strong>: Der n\u00e4chstgelegene Bahnhof ist La Tour du Pin, 25 Minuten entfernt.<\/li>\n<\/ul>\n\n\n\n<ul class=\"ls-list wp-block-list\">\n<li><strong>Anreise mit dem Flugzeug zum Campingplatz<\/strong>: Der n\u00e4chstgelegene Flughafen ist Lyon St-Saint-Exup\u00e9ry, nur 40 Minuten entfernt&#8230;<\/li>\n<\/ul>\n\n\n\n<ul class=\"ls-list wp-block-list\">\n<li><strong>Taxi m\u00f6glich f\u00fcr Pendelfahrten Bahnhof<\/strong> \u2192 Camping oder Flughafen \u2192 Camping<\/li>\n<\/ul>\n\n\n<div class=\"wp-block-image\">\n<figure class=\"alignright size-large\"><img decoding=\"async\" width=\"93\" height=\"98\" src=\"https:\/\/www.ile-de-la-comtesse.com\/wp-content\/uploads\/2023\/10\/camping-savoie-familial.svg\" alt=\"camping savoie familial\" class=\"wp-image-351\"\/><\/figure>\n<\/div><\/div>\n<\/div>\n\n\r\n    <\/div>\r\n<\/section><section id=\"ls-section-block_2133ecd8180bbb6494733a3bbfd92b08\" class=\"ls-section  home-intro page-five\" >\r\n        <div class=\"container container--full\">\r\n        \n\n<div class=\"wp-block-columns are-vertically-aligned-center is-layout-flex wp-container-core-columns-is-layout-9d6595d7 wp-block-columns-is-layout-flex\">\n<div class=\"wp-block-column is-vertically-aligned-center left is-layout-flow wp-block-column-is-layout-flow\" style=\"flex-basis:45%\">\n<h2 class=\"ls__heading wp-block-heading animated fadeInLeft delay-100ms slow\">Ihr engagiertes Team<\/h2>\n\n\n\n<p class=\"ls-paragraph\">Unser junges Team verk\u00f6rpert Gastfreundschaft in jedem Moment. Ihre Freundlichkeit schafft <strong>eine warme und einladende Atmosph\u00e4re,<\/strong> in der sie ihr Bestes tun, um jeden Aufenthalt zu <strong>einem unvergesslichen Erlebnis<\/strong> zu machen.<\/p>\n\n\n\n<p class=\"ls-paragraph\">Sie sind immer l\u00e4chelnd und bereit, jeden Wunsch der Besucher zu erf\u00fcllen, und garantieren so einen <a href=\"https:\/\/www.ile-de-la-comtesse.com\/de\/camping-familienfreundlicher-murs-et-gelignieux\/\" data-type=\"page\" data-id=\"193\">tadellosen Service<\/a>. Ihre Professionalit\u00e4t zeigt sich in einer <strong>au\u00dfergew\u00f6hnlichen Liebe zum Detail<\/strong> und der<strong> st\u00e4ndigen Sorge um das Wohlergehen der Camper<\/strong>.<\/p>\n\n\n\n<p class=\"ls-paragraph\">Ob es um Tipps zu lokalen Aktivit\u00e4ten geht oder um die L\u00f6sung jeglicher Anliegen, das Team des Camping \u00cele de la comtesse spiegelt die Gastfreundschaft mit Charme und Professionalit\u00e4t wider.<\/p>\n<\/div>\n\n\n\n<div class=\"wp-block-column is-vertically-aligned-center right is-layout-flow wp-block-column-is-layout-flow\" style=\"flex-basis:55%\">\n<figure class=\"wp-block-image size-full animated fadeInRight delay-100ms slow\"><a href=\"https:\/\/www.ile-de-la-comtesse.com\/wp-content\/uploads\/2023\/11\/equipe-du-camping-scaled.webp\"><img decoding=\"async\" width=\"2048\" height=\"1367\" src=\"https:\/\/www.ile-de-la-comtesse.com\/wp-content\/uploads\/2023\/11\/equipe-du-camping-scaled.webp\" alt=\"Team des Campings\" class=\"wp-image-2571\" srcset=\"https:\/\/www.ile-de-la-comtesse.com\/wp-content\/uploads\/2023\/11\/equipe-du-camping-scaled.webp 2048w, https:\/\/www.ile-de-la-comtesse.com\/wp-content\/uploads\/2023\/11\/equipe-du-camping-300x200.webp 300w, https:\/\/www.ile-de-la-comtesse.com\/wp-content\/uploads\/2023\/11\/equipe-du-camping-1024x683.webp 1024w, https:\/\/www.ile-de-la-comtesse.com\/wp-content\/uploads\/2023\/11\/equipe-du-camping-768x513.webp 768w, https:\/\/www.ile-de-la-comtesse.com\/wp-content\/uploads\/2023\/11\/equipe-du-camping-1536x1025.webp 1536w\" sizes=\"(max-width: 2048px) 100vw, 2048px\" \/><\/a><\/figure>\n<\/div>\n<\/div>\n\n\r\n    <\/div>\r\n<\/section><section id=\"faq\" class=\"ls-section  has-m-l m-l-5 has-m-r m-r-5\" >\r\n        <div class=\"container container--full\">\r\n        \n\n<h2 class=\"ls__heading wp-block-heading has-text-align-center\">Eine Frage?<\/h2>\n\n\n\n<div class=\"wp-block-columns is-layout-flex wp-container-core-columns-is-layout-9d6595d7 wp-block-columns-is-layout-flex\">\n<div class=\"wp-block-column is-layout-flow wp-block-column-is-layout-flow\"><div id=\"faq-wrapper\" class=\"faq-container\"><div class=\"faq-wrap\" itemscope=\"\" itemtype=\"https:\/\/schema.org\/FAQPage\"><div class=\"ls__heading wp-block-heading has-text-align-center ls-titre-div h3-like faq__item\">R\u00e9servation<\/div><div class=\"faq__box faq__item\"><div class=\"faq__container\"><div class=\"faq__block\" itemscope=\"\" itemprop=\"mainEntity\" itemtype=\"https:\/\/schema.org\/Question\"><details class=\"faq\"><summary class=\"faq-question\" itemprop=\"name\"><p>Welche Zahlungsmittel werden akzeptiert?<\/p><span class=\"comtesse-arrow_down\"><\/span><\/summary><div class=\"content\" itemscope=\"\" itemprop=\"acceptedAnswer\" itemtype=\"https:\/\/schema.org\/Answer\"><div itemprop=\"text\"><p><em><p>Um Ihren Aufenthalt zu bezahlen, k\u00f6nnen Sie per :<\/p>\n<ul>\n<li>Bankkarte am Telefon mit unserem Empfangsteam<\/li>\n<li>Kreditkarte auf unserer Website \u00fcber den Link, den Sie bei Ihrer Buchung per E-Mail erhalten haben<\/li>\n<li>per Bank\u00fcberweisung (RIB, die Sie bei Ihrer Buchung als E-Mail-Anhang erhalten haben)<\/li>\n<li>per Scheck oder Ferienscheck per Post (wir empfehlen einen Kurierdienst oder einen eingeschriebenen Brief)<\/li>\n<li>per Urlaubs-E-Check.<\/li>\n<\/ul>\n<\/em><\/p><\/div><\/div><\/details><\/div><\/div><\/div><div class=\"faq__box faq__item\"><div class=\"faq__container\"><div class=\"faq__block\" itemscope=\"\" itemprop=\"mainEntity\" itemtype=\"https:\/\/schema.org\/Question\"><details class=\"faq\"><summary class=\"faq-question\" itemprop=\"name\"><p>Werden VACAF-Gutscheine akzeptiert?<\/p><span class=\"comtesse-arrow_down\"><\/span><\/summary><div class=\"content\" itemscope=\"\" itemprop=\"acceptedAnswer\" itemtype=\"https:\/\/schema.org\/Answer\"><div itemprop=\"text\"><p><em><p class=\"ls-paragraph\">Unser Campingplatz ist leider nicht f\u00fcr die Annahme von Vacaf-Gutscheinen zugelassen.<\/p>\n<\/em><\/p><\/div><\/div><\/details><\/div><\/div><\/div><div class=\"faq__box faq__item\"><div class=\"faq__container\"><div class=\"faq__block\" itemscope=\"\" itemprop=\"mainEntity\" itemtype=\"https:\/\/schema.org\/Question\"><details class=\"faq\"><summary class=\"faq-question\" itemprop=\"name\"><p>Werden Essensmarken oder Restaurantkarten akzeptiert?<\/p><span class=\"comtesse-arrow_down\"><\/span><\/summary><div class=\"content\" itemscope=\"\" itemprop=\"acceptedAnswer\" itemtype=\"https:\/\/schema.org\/Answer\"><div itemprop=\"text\"><p><em><p class=\"ls-paragraph\">Wir haben keine M\u00f6glichkeit, Essensmarken oder Restaurantkarten (in der Bar\/im Imbiss oder im Lebensmittelgesch\u00e4ft) zu akzeptieren.<\/p>\n<\/em><\/p><\/div><\/div><\/details><\/div><\/div><\/div><div class=\"faq__box faq__item\"><div class=\"faq__container\"><div class=\"faq__block\" itemscope=\"\" itemprop=\"mainEntity\" itemtype=\"https:\/\/schema.org\/Question\"><details class=\"faq\"><summary class=\"faq-question\" itemprop=\"name\"><p>Sind Hunde auf dem Campingplatz erlaubt?<\/p><span class=\"comtesse-arrow_down\"><\/span><\/summary><div class=\"content\" itemscope=\"\" itemprop=\"acceptedAnswer\" itemtype=\"https:\/\/schema.org\/Answer\"><div itemprop=\"text\"><p><em><p class=\"ls-paragraph\">Ja, Hunde sind auf unseren Camping-Stellpl\u00e4tzen und auch in bestimmten Unterk\u00fcnften erlaubt (au\u00dfer bei Hunden der Kategorie 1 oder 2): Mobilheim Plaisancier, Chalet croisi\u00e8re PMR und Chalet croisi\u00e8re (gegen Geb\u00fchr). Ihr Hund muss in unserer Einrichtung an der Leine gef\u00fchrt werden, er muss t\u00e4towiert\/gechipt und gegen Tollwut geimpft sein.<\/p>\n<\/em><\/p><\/div><\/div><\/details><\/div><\/div><\/div><div class=\"faq__box faq__item\"><div class=\"faq__container\"><div class=\"faq__block\" itemscope=\"\" itemprop=\"mainEntity\" itemtype=\"https:\/\/schema.org\/Question\"><details class=\"faq\"><summary class=\"faq-question\" itemprop=\"name\"><p>Wie viele Personen k\u00f6nnen in einer Unterkunft \u00fcbernachten?<\/p><span class=\"comtesse-arrow_down\"><\/span><\/summary><div class=\"content\" itemscope=\"\" itemprop=\"acceptedAnswer\" itemtype=\"https:\/\/schema.org\/Answer\"><div itemprop=\"text\"><p><em><p class=\"ls-paragraph\">Aus Sicherheits- und Versicherungsgr\u00fcnden ist die Anzahl der Personen in den Unterk\u00fcnften begrenzt. Die Mobilheime mit 2 Schlafzimmern sind f\u00fcr 4 Personen vorgesehen, die Chalets mit 2 Schlafzimmern f\u00fcr 5 Personen und die Mobilheime oder Chalets mit 3 Schlafzimmern f\u00fcr 6 Personen. Es ist daher nicht m\u00f6glich, diese maximale Anzahl an Personen zu \u00fcberschreiten. Ein Baby wird als eine Person gez\u00e4hlt.<\/p>\n<\/em><\/p><\/div><\/div><\/details><\/div><\/div><\/div><div class=\"faq__box faq__item\"><div class=\"faq__container\"><div class=\"faq__block\" itemscope=\"\" itemprop=\"mainEntity\" itemtype=\"https:\/\/schema.org\/Question\"><details class=\"faq\"><summary class=\"faq-question\" itemprop=\"name\"><p>Wie viele Personen k\u00f6nnen auf einem Camping-Stellplatz \u00fcbernachten?<\/p><span class=\"comtesse-arrow_down\"><\/span><\/summary><div class=\"content\" itemscope=\"\" itemprop=\"acceptedAnswer\" itemtype=\"https:\/\/schema.org\/Answer\"><div itemprop=\"text\"><p><em><p class=\"ls-paragraph\">Die Camping-Stellpl\u00e4tze sind f\u00fcr maximal 6 Camper ausgelegt.<\/p>\n<\/em><\/p><\/div><\/div><\/details><\/div><\/div><\/div><div class=\"faq__box faq__item\"><div class=\"faq__container\"><div class=\"faq__block\" itemscope=\"\" itemprop=\"mainEntity\" itemtype=\"https:\/\/schema.org\/Question\"><details class=\"faq\"><summary class=\"faq-question\" itemprop=\"name\"><p>K\u00f6nnen Elektrofahrzeuge direkt an den Stellpl\u00e4tzen aufgeladen werden?<\/p><span class=\"comtesse-arrow_down\"><\/span><\/summary><div class=\"content\" itemscope=\"\" itemprop=\"acceptedAnswer\" itemtype=\"https:\/\/schema.org\/Answer\"><div itemprop=\"text\"><p><em><p class=\"ls-paragraph\">Nein, das Aufladen von Elektrofahrzeugen ist auf Camping-Stellpl\u00e4tzen und auch in den Unterk\u00fcnften strengstens untersagt. W\u00e4hrend des Aufladens des Fahrzeugs kann es zu einem Schadensfall kommen. Die Versicherung \u00fcbernimmt dann keine Kosten f\u00fcr den Anschluss an eine nicht dedizierte Steckdose. Bei Nichteinhaltung wird Ihnen von Rechts wegen ein Pauschalbetrag von 300\u20ac pro festgestellter Belastung in Rechnung gestellt. Am Eingang unseres Campingplatzes wurde ein eigener Anschluss eingerichtet.<\/p>\n<\/em><\/p><\/div><\/div><\/details><\/div><\/div><\/div><div class=\"faq__box faq__item\"><div class=\"faq__container\"><div class=\"faq__block\" itemscope=\"\" itemprop=\"mainEntity\" itemtype=\"https:\/\/schema.org\/Question\"><details class=\"faq\"><summary class=\"faq-question\" itemprop=\"name\"><p>Kann ich eine Reiser\u00fccktrittsversicherung zu meinem Aufenthalt hinzuf\u00fcgen?<\/p><span class=\"comtesse-arrow_down\"><\/span><\/summary><div class=\"content\" itemscope=\"\" itemprop=\"acceptedAnswer\" itemtype=\"https:\/\/schema.org\/Answer\"><div itemprop=\"text\"><p><em><p class=\"ls-paragraph\">Ja, wir empfehlen Ihnen dringend, bei Ihrer Buchung auf unserer Website oder telefonisch bei unserem Team eine Reiser\u00fccktrittsversicherung hinzuzuf\u00fcgen, die es erm\u00f6glicht, alle Arten von Risiken abzudecken. DIE FOLGENDEN BEDINGUNGEN \u00c4NDERN, WELCHE VERSICHERUNGEN MAN ABSCHLIESST.<\/p>\n<\/em><\/p><\/div><\/div><\/details><\/div><\/div><\/div><div class=\"faq__box faq__item\"><div class=\"faq__container\"><div class=\"faq__block\" itemscope=\"\" itemprop=\"mainEntity\" itemtype=\"https:\/\/schema.org\/Question\"><details class=\"faq\"><summary class=\"faq-question\" itemprop=\"name\"><p>Kann ich meinen Aufenthalt stornieren?<\/p><span class=\"comtesse-arrow_down\"><\/span><\/summary><div class=\"content\" itemscope=\"\" itemprop=\"acceptedAnswer\" itemtype=\"https:\/\/schema.org\/Answer\"><div itemprop=\"text\"><p><em><p>Wir k\u00f6nnen nicht f\u00fcr zuf\u00e4llige F\u00e4lle h\u00f6herer Gewalt, Wetterkatastrophen oder Umweltbelastungen verantwortlich gemacht werden, die den Aufenthalt st\u00f6ren, unterbrechen oder verhindern. Stornierungen m\u00fcssen zwingend 90 Tage vor Ihrer Ankunft schriftlich (Einschreiben mit R\u00fcckschein und Poststempel) mit einem \u00e4rztlichen Attest, einer Arbeitgeberbescheinigung oder anderen Belegen erfolgen. Telefonische Nachrichten und E-Mails werden nicht ber\u00fccksichtigt.<\/p>\n<p>&nbsp;<\/p>\n<ul>\n<li>Mehr als 90 Tage vor Beginn des Aufenthalts wird die Anzahlung zur\u00fcckerstattet. Die Bearbeitungsgeb\u00fchr wird vom Campingplatz einbehalten.<\/li>\n<li>Mehr als 60 Tage vor Beginn des Aufenthalts werden 40 % der Anzahlung zur\u00fcckerstattet. Die Bearbeitungsgeb\u00fchr wird vom Campingplatz einbehalten.<\/li>\n<li>Nach Ablauf dieser Frist erfolgt keine R\u00fcckerstattung mehr, au\u00dfer bei Abschluss einer Reiser\u00fccktrittsversicherung (siehe &#8222;Reiser\u00fccktrittsversicherung&#8220; gem\u00e4\u00df den Bedingungen dieser Versicherung).<\/li>\n<\/ul>\n<p class=\"ls-paragraph\">Bei der Buchung einer Ferienvermietung gilt die 14-t\u00e4gige Widerrufsfrist nicht.<\/p>\n<\/em><\/p><\/div><\/div><\/details><\/div><\/div><\/div><div class=\"ls__heading wp-block-heading has-text-align-center ls-titre-div h3-like faq__item\">Auf dem Campingplatz<\/div><div class=\"faq__box faq__item\"><div class=\"faq__container\"><div class=\"faq__block\" itemscope=\"\" itemprop=\"mainEntity\" itemtype=\"https:\/\/schema.org\/Question\"><details class=\"faq\"><summary class=\"faq-question\" itemprop=\"name\"><p>Bieten Sie auf dem Camping Animationen an?<\/p><span class=\"comtesse-arrow_down\"><\/span><\/summary><div class=\"content\" itemscope=\"\" itemprop=\"acceptedAnswer\" itemtype=\"https:\/\/schema.org\/Answer\"><div itemprop=\"text\"><p><em><p class=\"ls-paragraph\">In der Hochsaison (Juli und August) bieten wir morgens einen Miniclub f\u00fcr Kinder zwischen 4 und 10\/12 Jahren an. Wir haben auch tags\u00fcber und abends Animationen wie: Lottoabend, Karaokeabend, Schaumparty etc.<\/p>\n<\/em><\/p><\/div><\/div><\/details><\/div><\/div><\/div><div class=\"faq__box faq__item\"><div class=\"faq__container\"><div class=\"faq__block\" itemscope=\"\" itemprop=\"mainEntity\" itemtype=\"https:\/\/schema.org\/Question\"><details class=\"faq\"><summary class=\"faq-question\" itemprop=\"name\"><p>An welchen Tagen ist der Wasserpark ge\u00f6ffnet?<\/p><span class=\"comtesse-arrow_down\"><\/span><\/summary><div class=\"content\" itemscope=\"\" itemprop=\"acceptedAnswer\" itemtype=\"https:\/\/schema.org\/Answer\"><div itemprop=\"text\"><p><em><p class=\"ls-paragraph\">Unser Wasserbereich ist vom 1\u1d49\u02b3 Mai bis zum 15. September 2024 von 10:00 bis 20:00 Uhr ge\u00f6ffnet und beheizt.<\/p>\n<\/em><\/p><\/div><\/div><\/details><\/div><\/div><\/div><div class=\"faq__box faq__item\"><div class=\"faq__container\"><div class=\"faq__block\" itemscope=\"\" itemprop=\"mainEntity\" itemtype=\"https:\/\/schema.org\/Question\"><details class=\"faq\"><summary class=\"faq-question\" itemprop=\"name\"><p>Ist der Wasserbereich beheizt?<\/p><span class=\"comtesse-arrow_down\"><\/span><\/summary><div class=\"content\" itemscope=\"\" itemprop=\"acceptedAnswer\" itemtype=\"https:\/\/schema.org\/Answer\"><div itemprop=\"text\"><p><em><p class=\"ls-paragraph\">Ja, unser Wasserbereich ist beheizt und vom 1\u1d49\u02b3 Mai bis zum 15. September 2024 von 10:00 bis 20:00 Uhr ge\u00f6ffnet.<\/p>\n<\/em><\/p><\/div><\/div><\/details><\/div><\/div><\/div><div class=\"faq__box faq__item\"><div class=\"faq__container\"><div class=\"faq__block\" itemscope=\"\" itemprop=\"mainEntity\" itemtype=\"https:\/\/schema.org\/Question\"><details class=\"faq\"><summary class=\"faq-question\" itemprop=\"name\"><p>Sind Badeshorts im Wasserbereich erlaubt?<\/p><span class=\"comtesse-arrow_down\"><\/span><\/summary><div class=\"content\" itemscope=\"\" itemprop=\"acceptedAnswer\" itemtype=\"https:\/\/schema.org\/Answer\"><div itemprop=\"text\"><p><em><p class=\"ls-paragraph\">Badeshorts sind im Wasserbereich aus hygienischen und \u00f6kologischen Gr\u00fcnden nicht erlaubt. Es sind nur Badeanz\u00fcge (Boxershorts oder Slips) erlaubt, die wir an der Rezeption des Campingplatzes zum Verkauf anbieten.<\/p>\n<\/em><\/p><\/div><\/div><\/details><\/div><\/div><\/div><div class=\"faq__box faq__item\"><div class=\"faq__container\"><div class=\"faq__block\" itemscope=\"\" itemprop=\"mainEntity\" itemtype=\"https:\/\/schema.org\/Question\"><details class=\"faq\"><summary class=\"faq-question\" itemprop=\"name\"><p>K\u00f6nnen wir vor Ort einkaufen?<\/p><span class=\"comtesse-arrow_down\"><\/span><\/summary><div class=\"content\" itemscope=\"\" itemprop=\"acceptedAnswer\" itemtype=\"https:\/\/schema.org\/Answer\"><div itemprop=\"text\"><p><em><p class=\"ls-paragraph\">Ja, unser Lebensmittelgesch\u00e4ft ist vom 19. April bis zum 15. September t\u00e4glich von 8:30 bis 12:00 Uhr und von 17:00 bis 19:00 Uhr ge\u00f6ffnet.<\/p>\n<\/em><\/p><\/div><\/div><\/details><\/div><\/div><\/div><div class=\"faq__box faq__item\"><div class=\"faq__container\"><div class=\"faq__block\" itemscope=\"\" itemprop=\"mainEntity\" itemtype=\"https:\/\/schema.org\/Question\"><details class=\"faq\"><summary class=\"faq-question\" itemprop=\"name\"><p>Sind Elektrogrills oder Plancha-Grills auf dem Campingplatz erlaubt?<\/p><span class=\"comtesse-arrow_down\"><\/span><\/summary><div class=\"content\" itemscope=\"\" itemprop=\"acceptedAnswer\" itemtype=\"https:\/\/schema.org\/Answer\"><div itemprop=\"text\"><p><em><p class=\"ls-paragraph\">Diese Elektroger\u00e4te haben zu viel Strom und bringen die Stroms\u00e4ulen zum Absturz. Elektrische Grills oder Planken sind daher nicht erlaubt. Im Lebensmittelgesch\u00e4ft auf dem Campingplatz k\u00f6nnen Kohlegrills gemietet werden.<\/p>\n<\/em><\/p><\/div><\/div><\/details><\/div><\/div><\/div><div class=\"faq__box faq__item\"><div class=\"faq__container\"><div class=\"faq__block\" itemscope=\"\" itemprop=\"mainEntity\" itemtype=\"https:\/\/schema.org\/Question\"><details class=\"faq\"><summary class=\"faq-question\" itemprop=\"name\"><p>Gibt es auf dem Campingplatz Wifi?<\/p><span class=\"comtesse-arrow_down\"><\/span><\/summary><div class=\"content\" itemscope=\"\" itemprop=\"acceptedAnswer\" itemtype=\"https:\/\/schema.org\/Answer\"><div itemprop=\"text\"><p><em><p class=\"ls-paragraph\">Wir haben tats\u00e4chlich drei v\u00f6llig kostenlose WLAN-Zonen auf unserem Campingplatz: eine Zone im Sanit\u00e4rbereich, eine Zone im Wasserbereich und schlie\u00dflich eine Zone auf der Terrasse unserer Bar. Auf den Camping-Stellpl\u00e4tzen und in unseren Unterk\u00fcnften ist WLAN noch nicht verf\u00fcgbar.<\/p>\n<\/em><\/p><\/div><\/div><\/details><\/div><\/div><\/div><div class=\"faq__box faq__item\"><div class=\"faq__container\"><div class=\"faq__block\" itemscope=\"\" itemprop=\"mainEntity\" itemtype=\"https:\/\/schema.org\/Question\"><details class=\"faq\"><summary class=\"faq-question\" itemprop=\"name\"><p>Welche Art von Ball ist auf dem Multisportfeld erlaubt?<\/p><span class=\"comtesse-arrow_down\"><\/span><\/summary><div class=\"content\" itemscope=\"\" itemprop=\"acceptedAnswer\" itemtype=\"https:\/\/schema.org\/Answer\"><div itemprop=\"text\"><p><em><p class=\"ls-paragraph\">Auf dem Multisportfeld sind nur Schaumstoffb\u00e4lle erlaubt, Lederb\u00e4lle sind strengstens verboten.<\/p>\n<\/em><\/p><\/div><\/div><\/details><\/div><\/div><\/div><div class=\"faq__box faq__item\"><div class=\"faq__container\"><div class=\"faq__block\" itemscope=\"\" itemprop=\"mainEntity\" itemtype=\"https:\/\/schema.org\/Question\"><details class=\"faq\"><summary class=\"faq-question\" itemprop=\"name\"><p>Ist das Tor Tag und Nacht ge\u00f6ffnet?<\/p><span class=\"comtesse-arrow_down\"><\/span><\/summary><div class=\"content\" itemscope=\"\" itemprop=\"acceptedAnswer\" itemtype=\"https:\/\/schema.org\/Answer\"><div itemprop=\"text\"><p><em><p class=\"ls-paragraph\">Das Tor am Eingang des Campings ist tags\u00fcber f\u00fcr den Zugang mit Fahrzeugen ge\u00f6ffnet. Von 22:30 bis 08:00 Uhr schlie\u00dft das Tor diese T\u00fcren, nur ein Fu\u00dfg\u00e4ngerzugang ist zwischen diesen Zeiten m\u00f6glich.<\/p>\n<\/em><\/p><\/div><\/div><\/details><\/div><\/div><\/div><span class=\"faq__elipsis lire-plus active\">Lire plus +<\/span><span class=\"faq__elipsis lire-moins\">Lire moins &#8211;<\/span><\/div><\/div><\/div>\n\n\n\n<div class=\"wp-block-column is-layout-flow wp-block-column-is-layout-flow\"><div id=\"faq-wrapper\" class=\"faq-container\"><div class=\"faq-wrap\" itemscope=\"\" itemtype=\"https:\/\/schema.org\/FAQPage\"><div class=\"ls__heading wp-block-heading has-text-align-center ls-titre-div h3-like faq__item\">H\u00e9bergements locatifs<\/div><div class=\"faq__box faq__item\"><div class=\"faq__container\"><div class=\"faq__block\" itemscope=\"\" itemprop=\"mainEntity\" itemtype=\"https:\/\/schema.org\/Question\"><details class=\"faq\"><summary class=\"faq-question\" itemprop=\"name\"><p>Verf\u00fcgt meine Unterkunft \u00fcber eine Kaffeemaschine?<\/p><span class=\"comtesse-arrow_down\"><\/span><\/summary><div class=\"content\" itemscope=\"\" itemprop=\"acceptedAnswer\" itemtype=\"https:\/\/schema.org\/Answer\"><div itemprop=\"text\"><p><em><p class=\"ls-paragraph\">Ja, alle unsere Unterk\u00fcnfte sind mit einer Filterkaffeemaschine ausgestattet.<\/p>\n<\/em><\/p><\/div><\/div><\/details><\/div><\/div><\/div><div class=\"faq__box faq__item\"><div class=\"faq__container\"><div class=\"faq__block\" itemscope=\"\" itemprop=\"mainEntity\" itemtype=\"https:\/\/schema.org\/Question\"><details class=\"faq\"><summary class=\"faq-question\" itemprop=\"name\"><p>Verf\u00fcgt meine Unterkunft \u00fcber einen Wasserkocher?<\/p><span class=\"comtesse-arrow_down\"><\/span><\/summary><div class=\"content\" itemscope=\"\" itemprop=\"acceptedAnswer\" itemtype=\"https:\/\/schema.org\/Answer\"><div itemprop=\"text\"><p><em><p class=\"ls-paragraph\">Nein, es gibt keine Wasserkocher in den Mietunterk\u00fcnften.<\/p>\n<\/em><\/p><\/div><\/div><\/details><\/div><\/div><\/div><div class=\"faq__box faq__item\"><div class=\"faq__container\"><div class=\"faq__block\" itemscope=\"\" itemprop=\"mainEntity\" itemtype=\"https:\/\/schema.org\/Question\"><details class=\"faq\"><summary class=\"faq-question\" itemprop=\"name\"><p>Verf\u00fcgt meine Unterkunft \u00fcber einen Ofen?<\/p><span class=\"comtesse-arrow_down\"><\/span><\/summary><div class=\"content\" itemscope=\"\" itemprop=\"acceptedAnswer\" itemtype=\"https:\/\/schema.org\/Answer\"><div itemprop=\"text\"><p><em><p class=\"ls-paragraph\">Keine unserer Unterk\u00fcnfte verf\u00fcgt \u00fcber einen Ofen.<\/p>\n<\/em><\/p><\/div><\/div><\/details><\/div><\/div><\/div><div class=\"faq__box faq__item\"><div class=\"faq__container\"><div class=\"faq__block\" itemscope=\"\" itemprop=\"mainEntity\" itemtype=\"https:\/\/schema.org\/Question\"><details class=\"faq\"><summary class=\"faq-question\" itemprop=\"name\"><p>Verf\u00fcgt meine Unterkunft \u00fcber einen Geschirrsp\u00fcler?<\/p><span class=\"comtesse-arrow_down\"><\/span><\/summary><div class=\"content\" itemscope=\"\" itemprop=\"acceptedAnswer\" itemtype=\"https:\/\/schema.org\/Answer\"><div itemprop=\"text\"><p><em><p class=\"ls-paragraph\">Die Unterk\u00fcnfte der Kategorie Premium: Die Mobilheime Nautic mit 2 Schlafzimmern verf\u00fcgen \u00fcber einen Geschirrsp\u00fcler. Die Unterk\u00fcnfte der anderen Kategorien verf\u00fcgen nicht \u00fcber einen Geschirrsp\u00fcler.<\/p>\n<\/em><\/p><\/div><\/div><\/details><\/div><\/div><\/div><div class=\"faq__box faq__item\"><div class=\"faq__container\"><div class=\"faq__block\" itemscope=\"\" itemprop=\"mainEntity\" itemtype=\"https:\/\/schema.org\/Question\"><details class=\"faq\"><summary class=\"faq-question\" itemprop=\"name\"><p>Verf\u00fcgt meine Unterkunft \u00fcber einen Fernseher?<\/p><span class=\"comtesse-arrow_down\"><\/span><\/summary><div class=\"content\" itemscope=\"\" itemprop=\"acceptedAnswer\" itemtype=\"https:\/\/schema.org\/Answer\"><div itemprop=\"text\"><p><em><p class=\"ls-paragraph\">Wir bieten verschiedene Kategorien von Unterk\u00fcnften mit Fernseher an. Diese sind: Mobilheim Premium Nautic 2 Zimmer, Mobilheim Confort Vedette 2 Zimmer, Mobilheim Voilier 2 Zimmer, Mobilheim Voilier 3 Zimmer, Chalet Croisi\u00e8re PMR 2 Zimmer, Chalet Navire 3 Zimmer.<\/p>\n<\/em><\/p><\/div><\/div><\/details><\/div><\/div><\/div><div class=\"faq__box faq__item\"><div class=\"faq__container\"><div class=\"faq__block\" itemscope=\"\" itemprop=\"mainEntity\" itemtype=\"https:\/\/schema.org\/Question\"><details class=\"faq\"><summary class=\"faq-question\" itemprop=\"name\"><p>Verf\u00fcgt meine Unterkunft \u00fcber eine Klimaanlage?<\/p><span class=\"comtesse-arrow_down\"><\/span><\/summary><div class=\"content\" itemscope=\"\" itemprop=\"acceptedAnswer\" itemtype=\"https:\/\/schema.org\/Answer\"><div itemprop=\"text\"><p><em><p class=\"ls-paragraph\">Unser Campingplatz Ile de la Comtesse bietet verschiedene Kategorien von Unterk\u00fcnften, bei denen eine umkehrbare Klimaanlage inbegriffen ist. Diese sind: Mobilheim Premium Nautic 2 Zimmer, Mobilheim Confort Vedette 2 Zimmer, Mobilheim Voilier 2 Zimmer, Mobilheim Voilier 3 Zimmer.<\/p>\n<\/em><\/p><\/div><\/div><\/details><\/div><\/div><\/div><div class=\"faq__box faq__item\"><div class=\"faq__container\"><div class=\"faq__block\" itemscope=\"\" itemprop=\"mainEntity\" itemtype=\"https:\/\/schema.org\/Question\"><details class=\"faq\"><summary class=\"faq-question\" itemprop=\"name\"><p>Gibt es eine barrierefreie Unterkunft f\u00fcr Menschen mit Behinderungen?<\/p><span class=\"comtesse-arrow_down\"><\/span><\/summary><div class=\"content\" itemscope=\"\" itemprop=\"acceptedAnswer\" itemtype=\"https:\/\/schema.org\/Answer\"><div itemprop=\"text\"><p><em><p class=\"ls-paragraph\">Unser Chalet Croisi\u00e8re mit 2 Schlafzimmern ist tats\u00e4chlich an die Bed\u00fcrfnisse von Personen mit eingeschr\u00e4nkter Mobilit\u00e4t angepasst und verf\u00fcgt \u00fcber eine Rampe zur gro\u00dfen \u00fcberdachten Terrasse, ein gro\u00dfes Elternschlafzimmer sowie ein italienisches Badezimmer mit angepasstem Stuhl.<\/p>\n<\/em><\/p><\/div><\/div><\/details><\/div><\/div><\/div><div class=\"faq__box faq__item\"><div class=\"faq__container\"><div class=\"faq__block\" itemscope=\"\" itemprop=\"mainEntity\" itemtype=\"https:\/\/schema.org\/Question\"><details class=\"faq\"><summary class=\"faq-question\" itemprop=\"name\"><p>Wie sind die Ankunfts- und Abflugzeiten?<\/p><span class=\"comtesse-arrow_down\"><\/span><\/summary><div class=\"content\" itemscope=\"\" itemprop=\"acceptedAnswer\" itemtype=\"https:\/\/schema.org\/Answer\"><div itemprop=\"text\"><p><em><p class=\"ls-paragraph\">In Mietunterk\u00fcnften (Chalet oder Mobilheim) ist die Anreise ab 16:00 Uhr und die Abreise maximal bis 10:00 Uhr m\u00f6glich.<\/p>\n<\/em><\/p><\/div><\/div><\/details><\/div><\/div><\/div><div class=\"faq__box faq__item\"><div class=\"faq__container\"><div class=\"faq__block\" itemscope=\"\" itemprop=\"mainEntity\" itemtype=\"https:\/\/schema.org\/Question\"><details class=\"faq\"><summary class=\"faq-question\" itemprop=\"name\"><p>Wird in den Unterk\u00fcnften Bettw\u00e4sche bereitgestellt?<\/p><span class=\"comtesse-arrow_down\"><\/span><\/summary><div class=\"content\" itemscope=\"\" itemprop=\"acceptedAnswer\" itemtype=\"https:\/\/schema.org\/Answer\"><div itemprop=\"text\"><p><em><p class=\"ls-paragraph\">In unseren Unterk\u00fcnften wird keine Bettw\u00e4sche zur Verf\u00fcgung gestellt. Sie k\u00f6nnen sie bei Ihrer Buchung als Option hinzuf\u00fcgen. Die Kits enthalten einen (oder zwei) Kopfkissenbez\u00fcge, das Unterbettlaken sowie ein Flachbettlaken. Doppelte Bettw\u00e4sche-Sets kosten 13.00\u20ac pro Bett und einfache Bettw\u00e4sche-Sets kosten 11.00\u20ac pro Bett.<\/p>\n<\/em><\/p><\/div><\/div><\/details><\/div><\/div><\/div><div class=\"faq__box faq__item\"><div class=\"faq__container\"><div class=\"faq__block\" itemscope=\"\" itemprop=\"mainEntity\" itemtype=\"https:\/\/schema.org\/Question\"><details class=\"faq\"><summary class=\"faq-question\" itemprop=\"name\"><p>Muss ich bei meiner Ankunft eine Kaution hinterlegen?<\/p><span class=\"comtesse-arrow_down\"><\/span><\/summary><div class=\"content\" itemscope=\"\" itemprop=\"acceptedAnswer\" itemtype=\"https:\/\/schema.org\/Answer\"><div itemprop=\"text\"><p><em><p class=\"ls-paragraph\">Wir verlangen bei Ihrer Ankunft eine Kaution f\u00fcr jede Unterkunft. Diese bel\u00e4uft sich auf 150.00 \u20ac. Sie k\u00f6nnen Ihre Kaution per Kreditkarte im Voraus \u00fcber den Link, der Ihnen per E-Mail zugeschickt wird, oder per Scheck, Kreditkarte oder auch in bar leisten.<\/p>\n<\/em><\/p><\/div><\/div><\/details><\/div><\/div><\/div><div class=\"ls__heading wp-block-heading has-text-align-center ls-titre-div h3-like faq__item\">Stellpl\u00e4tze Camping<\/div><div class=\"faq__box faq__item\"><div class=\"faq__container\"><div class=\"faq__block\" itemscope=\"\" itemprop=\"mainEntity\" itemtype=\"https:\/\/schema.org\/Question\"><details class=\"faq\"><summary class=\"faq-question\" itemprop=\"name\"><p>Sind die Camping-Stellpl\u00e4tze f\u00fcr Behinderte zug\u00e4nglich?<\/p><span class=\"comtesse-arrow_down\"><\/span><\/summary><div class=\"content\" itemscope=\"\" itemprop=\"acceptedAnswer\" itemtype=\"https:\/\/schema.org\/Answer\"><div itemprop=\"text\"><p><em><p class=\"ls-paragraph\">Sie k\u00f6nnen auf einem Camping-Stellplatz mit Zugang zu unseren f\u00fcr Behinderte geeigneten Sanit\u00e4ranlagen \u00fcbernachten.<\/p>\n<\/em><\/p><\/div><\/div><\/details><\/div><\/div><\/div><div class=\"faq__box faq__item\"><div class=\"faq__container\"><div class=\"faq__block\" itemscope=\"\" itemprop=\"mainEntity\" itemtype=\"https:\/\/schema.org\/Question\"><details class=\"faq\"><summary class=\"faq-question\" itemprop=\"name\"><p>Wie sind die Ankunfts- und Abflugzeiten?<\/p><span class=\"comtesse-arrow_down\"><\/span><\/summary><div class=\"content\" itemscope=\"\" itemprop=\"acceptedAnswer\" itemtype=\"https:\/\/schema.org\/Answer\"><div itemprop=\"text\"><p><em><p class=\"ls-paragraph\">Auf Camping-Stellpl\u00e4tzen ist die Anreise ab 14.00 Uhr und die Abreise bis 12.00 Uhr m\u00f6glich.<\/p>\n<\/em><\/p><\/div><\/div><\/details><\/div><\/div><\/div><div class=\"faq__box faq__item\"><div class=\"faq__container\"><div class=\"faq__block\" itemscope=\"\" itemprop=\"mainEntity\" itemtype=\"https:\/\/schema.org\/Question\"><details class=\"faq\"><summary class=\"faq-question\" itemprop=\"name\"><p>Gibt es auf dem Campingplatz Strom?<\/p><span class=\"comtesse-arrow_down\"><\/span><\/summary><div class=\"content\" itemscope=\"\" itemprop=\"acceptedAnswer\" itemtype=\"https:\/\/schema.org\/Answer\"><div itemprop=\"text\"><p><em><p class=\"ls-paragraph\">Die Camping-Stellpl\u00e4tze sind mit 6-Ampere-Stromanschl\u00fcssen ausgestattet, die sich mehr oder weniger nahe am Stellplatz befinden (ein Stromanschluss f\u00fcr 5 oder 6 Stellpl\u00e4tze). F\u00fcr den Anschluss an das Stromnetz ben\u00f6tigen Sie einen europ\u00e4ischen Adapterstecker (erh\u00e4ltlich im Lebensmittelgesch\u00e4ft auf unserem Campingplatz). Wir empfehlen unseren Campern au\u00dferdem, eine Aufrollvorrichtung mit einer L\u00e4nge von etwa 50 Metern mitzunehmen.<\/p>\n<\/em><\/p><\/div><\/div><\/details><\/div><\/div><\/div><div class=\"faq__box faq__item\"><div class=\"faq__container\"><div class=\"faq__block\" itemscope=\"\" itemprop=\"mainEntity\" itemtype=\"https:\/\/schema.org\/Question\"><details class=\"faq\"><summary class=\"faq-question\" itemprop=\"name\"><p>Gibt es auf Camping-Stellpl\u00e4tzen Strom mit 10 Ampere?<\/p><span class=\"comtesse-arrow_down\"><\/span><\/summary><div class=\"content\" itemscope=\"\" itemprop=\"acceptedAnswer\" itemtype=\"https:\/\/schema.org\/Answer\"><div itemprop=\"text\"><p><em><p class=\"ls-paragraph\">Nur unsere Camping-Stellpl\u00e4tze mit hohem Komfort bieten eine Stroms\u00e4ule mit 10 Ampere.<\/p>\n<\/em><\/p><\/div><\/div><\/details><\/div><\/div><\/div><div class=\"faq__box faq__item\"><div class=\"faq__container\"><div class=\"faq__block\" itemscope=\"\" itemprop=\"mainEntity\" itemtype=\"https:\/\/schema.org\/Question\"><details class=\"faq\"><summary class=\"faq-question\" itemprop=\"name\"><p>Gibt es Wasser auf den Camping-Stellpl\u00e4tzen?<\/p><span class=\"comtesse-arrow_down\"><\/span><\/summary><div class=\"content\" itemscope=\"\" itemprop=\"acceptedAnswer\" itemtype=\"https:\/\/schema.org\/Answer\"><div itemprop=\"text\"><p><em><p class=\"ls-paragraph\">Auf dem gesamten Campingplatz gibt es mehrere Wasserstellen. Wenn Sie von Ihrem Campingplatz aus direkt an die Wasserversorgung angeschlossen werden m\u00f6chten, empfehlen wir Ihnen, einen unserer Komfort-Campingpl\u00e4tze zu buchen, die einen 10A-Strom-, Wasser- und Abwasseranschluss bieten. F\u00fcr den Wasseranschluss ben\u00f6tigen Sie einen \u00be-Anschluss mit Au\u00dfen- oder Innengewinde und f\u00fcr den Abwasseranschluss einen M\u00fcndungsstopfen mit einem Durchmesser von 100.<\/p>\n<\/em><\/p><\/div><\/div><\/details><\/div><\/div><\/div><div class=\"faq__box faq__item\"><div class=\"faq__container\"><div class=\"faq__block\" itemscope=\"\" itemprop=\"mainEntity\" itemtype=\"https:\/\/schema.org\/Question\"><details class=\"faq\"><summary class=\"faq-question\" itemprop=\"name\"><p>Kann ich einen K\u00fchlschrank mieten?<\/p><span class=\"comtesse-arrow_down\"><\/span><\/summary><div class=\"content\" itemscope=\"\" itemprop=\"acceptedAnswer\" itemtype=\"https:\/\/schema.org\/Answer\"><div itemprop=\"text\"><p><em><p class=\"ls-paragraph\">Es ist m\u00f6glich, Ihrer Buchung als Option die Miete eines K\u00fchlschranks hinzuzuf\u00fcgen.<\/p>\n<\/em><\/p><\/div><\/div><\/details><\/div><\/div><\/div><div class=\"faq__box faq__item\"><div class=\"faq__container\"><div class=\"faq__block\" itemscope=\"\" itemprop=\"mainEntity\" itemtype=\"https:\/\/schema.org\/Question\"><details class=\"faq\"><summary class=\"faq-question\" itemprop=\"name\"><p>Kann ich einen Tisch und St\u00fchle mieten?<\/p><span class=\"comtesse-arrow_down\"><\/span><\/summary><div class=\"content\" itemscope=\"\" itemprop=\"acceptedAnswer\" itemtype=\"https:\/\/schema.org\/Answer\"><div itemprop=\"text\"><p><em><p><span style=\"font-weight: 400;\">Es ist m\u00f6glich, als Option zu Ihrer Buchung einen Tisch und St\u00fchle zu mieten.<\/span><\/p>\n<\/em><\/p><\/div><\/div><\/details><\/div><\/div><\/div><span class=\"faq__elipsis lire-plus active\">Lire plus +<\/span><span class=\"faq__elipsis lire-moins\">Lire moins &#8211;<\/span><\/div><\/div><\/div>\n<\/div>\n\n\r\n    <\/div>\r\n<\/section>","protected":false},"excerpt":{"rendered":"","protected":false},"author":1,"featured_media":1294,"parent":0,"menu_order":0,"comment_status":"closed","ping_status":"closed","template":"","meta":{"_acf_changed":false,"_seopress_robots_primary_cat":"","_seopress_titles_title":"Kontakt und Anreise zum Campingplatz Ile de la Comtesse, Savoyen","_seopress_titles_desc":"Informationen zur Anreise und Kontaktaufnahme mit Camping Ile de la Comtesse finden Sie auf unserer speziellen Seite.","_seopress_robots_index":"","inline_featured_image":false,"footnotes":""},"sujet":[],"class_list":["post-3772","page","type-page","status-publish","has-post-thumbnail","hentry"],"acf":[],"_links":{"self":[{"href":"https:\/\/www.ile-de-la-comtesse.com\/de\/wp-json\/wp\/v2\/pages\/3772","targetHints":{"allow":["GET"]}}],"collection":[{"href":"https:\/\/www.ile-de-la-comtesse.com\/de\/wp-json\/wp\/v2\/pages"}],"about":[{"href":"https:\/\/www.ile-de-la-comtesse.com\/de\/wp-json\/wp\/v2\/types\/page"}],"author":[{"embeddable":true,"href":"https:\/\/www.ile-de-la-comtesse.com\/de\/wp-json\/wp\/v2\/users\/1"}],"replies":[{"embeddable":true,"href":"https:\/\/www.ile-de-la-comtesse.com\/de\/wp-json\/wp\/v2\/comments?post=3772"}],"version-history":[{"count":8,"href":"https:\/\/www.ile-de-la-comtesse.com\/de\/wp-json\/wp\/v2\/pages\/3772\/revisions"}],"predecessor-version":[{"id":5019,"href":"https:\/\/www.ile-de-la-comtesse.com\/de\/wp-json\/wp\/v2\/pages\/3772\/revisions\/5019"}],"wp:featuredmedia":[{"embeddable":true,"href":"https:\/\/www.ile-de-la-comtesse.com\/de\/wp-json\/wp\/v2\/media\/1294"}],"wp:attachment":[{"href":"https:\/\/www.ile-de-la-comtesse.com\/de\/wp-json\/wp\/v2\/media?parent=3772"}],"wp:term":[{"taxonomy":"sujet","embeddable":true,"href":"https:\/\/www.ile-de-la-comtesse.com\/de\/wp-json\/wp\/v2\/sujet?post=3772"}],"curies":[{"name":"wp","href":"https:\/\/api.w.org\/{rel}","templated":true}]}}