{"id":3706,"date":"2023-10-19T11:25:28","date_gmt":"2023-10-19T09:25:28","guid":{"rendered":"https:\/\/www.ile-de-la-comtesse.com\/camping-cyclistes-murs-und-gelignieux\/"},"modified":"2023-12-21T13:11:25","modified_gmt":"2023-12-21T12:11:25","slug":"camping-radfahrer-murs-et-gelignieux","status":"publish","type":"page","link":"https:\/\/www.ile-de-la-comtesse.com\/de\/camping-radfahrer-murs-et-gelignieux\/","title":{"rendered":"Startseite Radfahren Via Rhona"},"content":{"rendered":"<section id=\"ls-section-block_37c6e2b9e6ebf8936850d154db5288f3\" class=\"ls-section  home-intro page-one background-blue has-m-b m-b-2 has-p-b p-b-2\" >\r\n        <div class=\"container container--full\">\r\n        \n\n<div class=\"wp-block-columns are-vertically-aligned-center is-layout-flex wp-container-core-columns-is-layout-9d6595d7 wp-block-columns-is-layout-flex\">\n<div class=\"wp-block-column is-vertically-aligned-center left is-layout-flow wp-block-column-is-layout-flow\" style=\"flex-basis:45%\">\n<h1 class=\"ls__heading wp-block-heading has-text-align-left\">Camping in der N\u00e4he der Via Rh\u00f4na f\u00fcr begeisterte Radfahrer!<\/h1>\n\n\n\n<div class=\"star-container animated fadeInLeft delay-100ms slow\"> \n<i class=\"comtesse-star\"><\/i>\n<i class=\"comtesse-star\"><\/i>\n<i class=\"comtesse-star\"><\/i>\n<i class=\"comtesse-star\"><\/i>\n<\/div>\n\n\n\n<h2 class=\"ls__heading wp-block-heading animated fadeInLeft delay-100ms slow\">Auf ins Abenteuer! Der sch\u00f6nste Abschnitt der Via Rhona<\/h2>\n\n\n\n<p class=\"ls-paragraph\">Auf dem <strong>Radweg der Via Rh\u00f4na <\/strong>zu reisen ist atemberaubend! Diese schl\u00e4ngelt sich entlang der Rh\u00f4ne und bietet atemberaubende Panoramen auf die Berge der Alpen und die Weinberge des Rh\u00f4netals. Unser Camping liegt in der N\u00e4he der <strong>ber\u00fchmten Fahrradroute<\/strong> auf dem Abschnitt zwischen Genf und Lyon, einem idealen Haltepunkt f\u00fcr Abenteurer auf zwei R\u00e4dern. Z\u00f6gern Sie nicht, Ihren Waden eine Pause zu g\u00f6nnen, indem Sie auf dem mit dem G\u00fctesiegel &#8222;Accueil v\u00e9lo&#8220; ausgezeichneten Campingplatz Halt machen und von unseren gro\u00dfen, <a href=\"https:\/\/www.ile-de-la-comtesse.com\/de\/vermietung-standort-murs-et-gelignieux\/\" data-type=\"page\" data-id=\"206\">schattigen Mietstellpl\u00e4tzen<\/a>, unseren modernen Annehmlichkeiten und unseren <a href=\"https:\/\/www.ile-de-la-comtesse.com\/de\/camping-keiner-schlechteren-murs-et-gelignieux\/\" data-type=\"page\" data-id=\"207\">speziellen Stellplatzpreisen f\u00fcr Radfahrer<\/a> profitieren.<\/p>\n<\/div>\n\n\n\n<div class=\"wp-block-column is-vertically-aligned-center right is-layout-flow wp-block-column-is-layout-flow\" style=\"flex-basis:55%\">\n<figure class=\"wp-block-image size-full animated fadeInRight delay-100ms slow\"><a href=\"https:\/\/www.ile-de-la-comtesse.com\/wp-content\/uploads\/2023\/11\/cascade-glandieu-savoie-camping.webp\"><img decoding=\"async\" width=\"1920\" height=\"1200\" src=\"https:\/\/www.ile-de-la-comtesse.com\/wp-content\/uploads\/2023\/11\/cascade-glandieu-savoie-camping.webp\" alt=\"wasserfall glandieu savoie camping\" class=\"wp-image-2081\" srcset=\"https:\/\/www.ile-de-la-comtesse.com\/wp-content\/uploads\/2023\/11\/cascade-glandieu-savoie-camping.webp 1920w, https:\/\/www.ile-de-la-comtesse.com\/wp-content\/uploads\/2023\/11\/cascade-glandieu-savoie-camping-300x188.webp 300w, https:\/\/www.ile-de-la-comtesse.com\/wp-content\/uploads\/2023\/11\/cascade-glandieu-savoie-camping-1024x640.webp 1024w, https:\/\/www.ile-de-la-comtesse.com\/wp-content\/uploads\/2023\/11\/cascade-glandieu-savoie-camping-768x480.webp 768w, https:\/\/www.ile-de-la-comtesse.com\/wp-content\/uploads\/2023\/11\/cascade-glandieu-savoie-camping-1536x960.webp 1536w\" sizes=\"(max-width: 1920px) 100vw, 1920px\" \/><\/a><\/figure>\n<\/div>\n<\/div>\n\n\r\n    <\/div>\r\n<\/section><section id=\"ls-section-block_e370668070770f5d780be23fa1f97bdd\" class=\"ls-section  home-piscine page-four has-m-t m-t-2 has-p-t p-t-2\" >\r\n        <div class=\"container container--full\">\r\n        \n\n<div class=\"wp-block-columns second is-layout-flex wp-container-core-columns-is-layout-9d6595d7 wp-block-columns-is-layout-flex\">\n<div class=\"wp-block-column is-layout-flow wp-block-column-is-layout-flow\">\n<h2 class=\"ls__heading wp-block-heading has-text-align-center\">\nEinfach!<br\/><strong>Mieten Sie Ihr Fahrrad auf dem Campingplatz<\/strong><\/h2>\n\n\n\n<p class=\"ls-paragraph has-text-align-center\">Der<strong> Fahrradverleih <\/strong>am<strong> <\/strong><a href=\"https:\/\/www.ile-de-la-comtesse.com\/de\/\" data-type=\"page\" data-id=\"192\">Camping de l&#8217;\u00eele de la comtesse<\/a> ist die perfekte Gelegenheit, um unsere sch\u00f6ne Region zu erkunden. Egal, ob Sie ein <strong>erfahrener Radfahrer<\/strong> oder ein <strong>Anf\u00e4nger<\/strong> sind, dieser Fahrradverleih bietet <strong>Routen f\u00fcr jedes Niveau<\/strong>. Genie\u00dfen Sie es, am Ufer entlang zu fahren, oder machen Sie einen sch\u00f6nen Familienausflug vom Campingplatz zum Wasserfall von Glandieu. Camper k\u00f6nnen problemlos <strong>Fahrr\u00e4der f\u00fcr Erwachsene<\/strong>, <strong>Kinderfahrr\u00e4der<\/strong> und Kinderanh\u00e4nger direkt an der Rezeption mit <strong>Pauschalangeboten<\/strong> <strong>von 2 Stunden bis zu einem ganzen Tag<\/strong> mieten (nur w\u00e4hrend der \u00d6ffnungszeiten der Rezeption).<\/p>\n<\/div>\n<\/div>\n\n\n\n<div class=\"wp-block-columns first is-layout-flex wp-container-core-columns-is-layout-9d6595d7 wp-block-columns-is-layout-flex\">\n<div class=\"wp-block-column is-layout-flow wp-block-column-is-layout-flow\" style=\"flex-basis:60%\">\n<figure class=\"wp-block-image size-full right\"><a href=\"https:\/\/www.ile-de-la-comtesse.com\/wp-content\/uploads\/2023\/11\/velos-famille-camping-via-rhona.webp\"><img decoding=\"async\" width=\"2000\" height=\"1333\" src=\"https:\/\/www.ile-de-la-comtesse.com\/wp-content\/uploads\/2023\/11\/velos-famille-camping-via-rhona.webp\" alt=\"familienfahrr&#xE4;der camping via rhona\" class=\"wp-image-1843\" srcset=\"https:\/\/www.ile-de-la-comtesse.com\/wp-content\/uploads\/2023\/11\/velos-famille-camping-via-rhona.webp 2000w, https:\/\/www.ile-de-la-comtesse.com\/wp-content\/uploads\/2023\/11\/velos-famille-camping-via-rhona-300x200.webp 300w, https:\/\/www.ile-de-la-comtesse.com\/wp-content\/uploads\/2023\/11\/velos-famille-camping-via-rhona-1024x682.webp 1024w, https:\/\/www.ile-de-la-comtesse.com\/wp-content\/uploads\/2023\/11\/velos-famille-camping-via-rhona-768x512.webp 768w, https:\/\/www.ile-de-la-comtesse.com\/wp-content\/uploads\/2023\/11\/velos-famille-camping-via-rhona-1536x1024.webp 1536w\" sizes=\"(max-width: 2000px) 100vw, 2000px\" \/><\/a><\/figure>\n<\/div>\n\n\n\n<div class=\"wp-block-column is-layout-flow wp-block-column-is-layout-flow\" style=\"flex-basis:40%\">\n<figure class=\"wp-block-image size-full left\"><a href=\"https:\/\/www.ile-de-la-comtesse.com\/wp-content\/uploads\/2023\/11\/emplacement-velo-camping-savoie-scaled.webp\"><img decoding=\"async\" width=\"2048\" height=\"1024\" src=\"https:\/\/www.ile-de-la-comtesse.com\/wp-content\/uploads\/2023\/11\/emplacement-velo-camping-savoie-scaled.webp\" alt=\"fahrradstellplatz camping savoie\" class=\"wp-image-1853\" srcset=\"https:\/\/www.ile-de-la-comtesse.com\/wp-content\/uploads\/2023\/11\/emplacement-velo-camping-savoie-scaled.webp 2048w, https:\/\/www.ile-de-la-comtesse.com\/wp-content\/uploads\/2023\/11\/emplacement-velo-camping-savoie-300x150.webp 300w, https:\/\/www.ile-de-la-comtesse.com\/wp-content\/uploads\/2023\/11\/emplacement-velo-camping-savoie-1024x512.webp 1024w, https:\/\/www.ile-de-la-comtesse.com\/wp-content\/uploads\/2023\/11\/emplacement-velo-camping-savoie-768x384.webp 768w, https:\/\/www.ile-de-la-comtesse.com\/wp-content\/uploads\/2023\/11\/emplacement-velo-camping-savoie-1536x768.webp 1536w\" sizes=\"(max-width: 2048px) 100vw, 2048px\" \/><\/a><\/figure>\n<\/div>\n<\/div>\n\n\r\n    <\/div>\r\n<\/section><section id=\"ls-section-block_13641828f38940a759d1a0cb90f9d020\" class=\"ls-section  home-intro page-five\" >\r\n        <div class=\"container container--full\">\r\n        \n\n<div class=\"wp-block-columns are-vertically-aligned-center is-layout-flex wp-container-core-columns-is-layout-9d6595d7 wp-block-columns-is-layout-flex\">\n<div class=\"wp-block-column is-vertically-aligned-center left is-layout-flow wp-block-column-is-layout-flow\" style=\"flex-basis:45%\">\n<h2 class=\"ls__heading wp-block-heading animated fadeInLeft delay-100ms slow\">Reisen Sie gelassen!  <br\/><strong>Der Campingplatz ist mit dem Label &#8222;Accueil v\u00e9lo&#8220; ausgezeichnet.<\/strong> <\/h2>\n\n\n\n<p class=\"ls-paragraph\">Das<strong> G\u00fctesiegel &#8222;Accueil V\u00e9lo&#8220; <\/strong>ist eine <strong>Qualit\u00e4tsgarantie f\u00fcr Radfahrer<\/strong>, die auf der Suche nach einem angenehmen Reiseerlebnis sind. Wir sind stolz, Ihnen mitteilen zu k\u00f6nnen, dass der Camping de l&#8217;Ile de la Comtesse seit 2024 endlich<strong> das G\u00fctesiegel &#8222;Accueil V\u00e9lo&#8220;<\/strong> tr\u00e4gt. Wir haben alles zur Verf\u00fcgung, um Reisende auf zwei R\u00e4dern unter den besten Bedingungen zu empfangen und garantieren einen erstklassigen Empfang und Service. Haben Sie keine Angst mehr, Ihr Abenteuer auf dem ber\u00fchmten<strong> Radweg Via Rh\u00f4na<\/strong> im Voraus zu planen: spezielle Radfahrertarife auf Camping-Stellpl\u00e4tzen, Lebensmittelgesch\u00e4ft 7 Tage die Woche ge\u00f6ffnet, Restaurants und Snacks, Animationen im Juli und August.<\/p>\n<\/div>\n\n\n\n<div class=\"wp-block-column is-vertically-aligned-center right is-layout-flow wp-block-column-is-layout-flow\" style=\"flex-basis:55%\">\n<figure class=\"wp-block-image size-full animated fadeInRight delay-100ms slow\"><a href=\"https:\/\/www.ile-de-la-comtesse.com\/wp-content\/uploads\/2023\/11\/camping-labellise-accueil-velo-via-rhona-scaled.webp\"><img decoding=\"async\" width=\"2048\" height=\"1366\" src=\"https:\/\/www.ile-de-la-comtesse.com\/wp-content\/uploads\/2023\/11\/camping-labellise-accueil-velo-via-rhona-scaled.webp\" alt=\"Camping mit dem G&#xFC;tesiegel &quot;Accueil velo via rhona&quot; ausgezeichnet\" class=\"wp-image-1858\" srcset=\"https:\/\/www.ile-de-la-comtesse.com\/wp-content\/uploads\/2023\/11\/camping-labellise-accueil-velo-via-rhona-scaled.webp 2048w, https:\/\/www.ile-de-la-comtesse.com\/wp-content\/uploads\/2023\/11\/camping-labellise-accueil-velo-via-rhona-300x200.webp 300w, https:\/\/www.ile-de-la-comtesse.com\/wp-content\/uploads\/2023\/11\/camping-labellise-accueil-velo-via-rhona-1024x683.webp 1024w, https:\/\/www.ile-de-la-comtesse.com\/wp-content\/uploads\/2023\/11\/camping-labellise-accueil-velo-via-rhona-768x512.webp 768w, https:\/\/www.ile-de-la-comtesse.com\/wp-content\/uploads\/2023\/11\/camping-labellise-accueil-velo-via-rhona-1536x1025.webp 1536w\" sizes=\"(max-width: 2048px) 100vw, 2048px\" \/><\/a><\/figure>\n<\/div>\n<\/div>\n\n\r\n    <\/div>\r\n<\/section><section id=\"ls-section-block_53e3a9f228d19c8aa8eb6066357b65b6\" class=\"ls-section  page-maillage\" >\r\n        <div class=\"container container--wide\">\r\n        \n\n<div id=\"ls-heading ls-titre-div-block_968ec65ea71654f4eeb3d5f20748d259\" class=\"ls-titre-div aligncenter h2-like\" >\n    Entdecken Sie unsere Dienstleistungen, unser Restaurant und unsere Mietunterk\u00fcnfte!<\/div>\n\n\n<div id=\"ls-maillage-block_89c5209c9f621787a854f3c6dac3d159\" class=\"ls-maillage cta-style-normal\" data-rows=\"3\">\r\n    <div class=\"wp-block-columns\"><div class=\"wp-block-column\">\n\n<a href=\"https:\/\/www.ile-de-la-comtesse.com\/de\/restaurant-murs-et-gelignieux\/\" target=\"\" rel=\"noopener\" class=\"ls-cta__link\">\n\n\t<div class=\"ls-cta__image\"><img decoding=\"async\" src=\"https:\/\/www.ile-de-la-comtesse.com\/wp-content\/uploads\/2023\/11\/pizza-burguer-camping-snack-savoie-scaled.webp\" alt=\"pizza burguer camping snack savoie\"><\/div>\n\t<div class=\"ls-cta__title\">\n\t\tUnser Restaurant\t<\/div>\n\n\t\t\n<\/a><\/div><div class=\"wp-block-column\">\n\n<a href=\"https:\/\/www.ile-de-la-comtesse.com\/de\/vermietung-mobil-home-murs-et-gelignieux\/\" target=\"\" rel=\"noopener\" class=\"ls-cta__link\">\n\n\t<div class=\"ls-cta__image\"><img decoding=\"async\" src=\"https:\/\/www.ile-de-la-comtesse.com\/wp-content\/uploads\/2023\/11\/lodge-camping-ile-de-la-comtesse-confort-scaled.webp\" alt=\"lodge camping ile de la comtesse komfort\"><\/div>\n\t<div class=\"ls-cta__title\">\n\t\tUnsere Mietobjekte\t<\/div>\n\n\t\t\n<\/a><\/div><div class=\"wp-block-column\">\n\n<a href=\"https:\/\/www.ile-de-la-comtesse.com\/de\/camping-familienfreundlicher-murs-et-gelignieux\/\" target=\"\" rel=\"noopener\" class=\"ls-cta__link\">\n\n\t<div class=\"ls-cta__image\"><img decoding=\"async\" src=\"https:\/\/www.ile-de-la-comtesse.com\/wp-content\/uploads\/2023\/11\/camping-comtesse-reception-scaled.webp\" alt=\"Camping mit Bar und Rezeption an sonnigen Tagen.\"><\/div>\n\t<div class=\"ls-cta__title\">\n\t\tUnsere Dienstleistungen\t<\/div>\n\n\t\t\n<\/a><\/div><\/div><\/div>\n\r\n    <\/div>\r\n<\/section>","protected":false},"excerpt":{"rendered":"","protected":false},"author":1,"featured_media":1866,"parent":0,"menu_order":0,"comment_status":"closed","ping_status":"closed","template":"","meta":{"_acf_changed":false,"_seopress_robots_primary_cat":"","_seopress_titles_title":"Camping mit dem G\u00fctesiegel \"Accueil v\u00e9lo\" in der N\u00e4he des Sees Bourget, Savoyen","_seopress_titles_desc":"Erleben Sie ein unvergessliches Radfahrerlebnis auf der Via Rh\u00f4na in der N\u00e4he des als \"Accueil V\u00e9lo\" zertifizierten Campings. Entdecken Sie unseren Fahrradverleih f\u00fcr alle Niveaus.","_seopress_robots_index":"","inline_featured_image":false,"footnotes":""},"sujet":[],"class_list":["post-3706","page","type-page","status-publish","has-post-thumbnail","hentry"],"acf":[],"_links":{"self":[{"href":"https:\/\/www.ile-de-la-comtesse.com\/de\/wp-json\/wp\/v2\/pages\/3706","targetHints":{"allow":["GET"]}}],"collection":[{"href":"https:\/\/www.ile-de-la-comtesse.com\/de\/wp-json\/wp\/v2\/pages"}],"about":[{"href":"https:\/\/www.ile-de-la-comtesse.com\/de\/wp-json\/wp\/v2\/types\/page"}],"author":[{"embeddable":true,"href":"https:\/\/www.ile-de-la-comtesse.com\/de\/wp-json\/wp\/v2\/users\/1"}],"replies":[{"embeddable":true,"href":"https:\/\/www.ile-de-la-comtesse.com\/de\/wp-json\/wp\/v2\/comments?post=3706"}],"version-history":[{"count":19,"href":"https:\/\/www.ile-de-la-comtesse.com\/de\/wp-json\/wp\/v2\/pages\/3706\/revisions"}],"predecessor-version":[{"id":4746,"href":"https:\/\/www.ile-de-la-comtesse.com\/de\/wp-json\/wp\/v2\/pages\/3706\/revisions\/4746"}],"wp:featuredmedia":[{"embeddable":true,"href":"https:\/\/www.ile-de-la-comtesse.com\/de\/wp-json\/wp\/v2\/media\/1866"}],"wp:attachment":[{"href":"https:\/\/www.ile-de-la-comtesse.com\/de\/wp-json\/wp\/v2\/media?parent=3706"}],"wp:term":[{"taxonomy":"sujet","embeddable":true,"href":"https:\/\/www.ile-de-la-comtesse.com\/de\/wp-json\/wp\/v2\/sujet?post=3706"}],"curies":[{"name":"wp","href":"https:\/\/api.w.org\/{rel}","templated":true}]}}